{"id":198,"date":"2022-06-09T17:26:06","date_gmt":"2022-06-09T17:26:06","guid":{"rendered":"https:\/\/midiasim.xyz\/sjcbaketball\/?page_id=198"},"modified":"2023-04-17T15:09:45","modified_gmt":"2023-04-17T15:09:45","slug":"politica-de-privacidade","status":"publish","type":"page","link":"https:\/\/dev.midiasim.net.br\/saojosebasketball\/politica-de-privacidade\/","title":{"rendered":"Pol\u00edtica de Privacidade"},"content":{"rendered":"\t\t<div data-elementor-type=\"wp-page\" data-elementor-id=\"198\" class=\"elementor elementor-198\" data-elementor-post-type=\"page\">\n\t\t\t\t\t\t<section class=\"elementor-section elementor-top-section elementor-element elementor-element-ec32a5e elementor-section-height-min-height elementor-hidden-tablet elementor-hidden-mobile elementor-section-boxed elementor-section-height-default elementor-section-items-middle\" data-id=\"ec32a5e\" data-element_type=\"section\" data-e-type=\"section\" data-settings=\"{&quot;background_background&quot;:&quot;classic&quot;}\">\n\t\t\t\t\t\t\t<div class=\"elementor-background-overlay\"><\/div>\n\t\t\t\t\t\t\t<div class=\"elementor-container elementor-column-gap-default\">\n\t\t\t\t\t<div class=\"elementor-column elementor-col-100 elementor-top-column elementor-element elementor-element-f442011\" data-id=\"f442011\" data-element_type=\"column\" data-e-type=\"column\">\n\t\t\t<div class=\"elementor-widget-wrap elementor-element-populated\">\n\t\t\t\t\t\t\t<\/div>\n\t\t<\/div>\n\t\t\t\t\t<\/div>\n\t\t<\/section>\n\t\t\t\t<section class=\"elementor-section elementor-top-section elementor-element elementor-element-3ae9944 elementor-section-height-min-height elementor-hidden-desktop elementor-section-boxed elementor-section-height-default elementor-section-items-middle\" data-id=\"3ae9944\" data-element_type=\"section\" data-e-type=\"section\" data-settings=\"{&quot;background_background&quot;:&quot;classic&quot;}\">\n\t\t\t\t\t\t\t<div class=\"elementor-background-overlay\"><\/div>\n\t\t\t\t\t\t\t<div class=\"elementor-container elementor-column-gap-default\">\n\t\t\t\t\t<div class=\"elementor-column elementor-col-100 elementor-top-column elementor-element elementor-element-7591538\" data-id=\"7591538\" data-element_type=\"column\" data-e-type=\"column\">\n\t\t\t<div class=\"elementor-widget-wrap elementor-element-populated\">\n\t\t\t\t\t\t\t<\/div>\n\t\t<\/div>\n\t\t\t\t\t<\/div>\n\t\t<\/section>\n\t\t\t\t<section class=\"elementor-section elementor-top-section elementor-element elementor-element-1f53cdf elementor-section-boxed elementor-section-height-default elementor-section-height-default\" data-id=\"1f53cdf\" data-element_type=\"section\" data-e-type=\"section\">\n\t\t\t\t\t\t<div class=\"elementor-container elementor-column-gap-default\">\n\t\t\t\t\t<div class=\"elementor-column elementor-col-100 elementor-top-column elementor-element elementor-element-b624cc2\" data-id=\"b624cc2\" data-element_type=\"column\" data-e-type=\"column\">\n\t\t\t<div class=\"elementor-widget-wrap elementor-element-populated\">\n\t\t\t\t\t\t<div class=\"elementor-element elementor-element-ce52841 elementor-invisible elementor-widget elementor-widget-heading\" data-id=\"ce52841\" data-element_type=\"widget\" data-e-type=\"widget\" data-settings=\"{&quot;_animation&quot;:&quot;fadeInUp&quot;}\" data-widget_type=\"heading.default\">\n\t\t\t\t<div class=\"elementor-widget-container\">\n\t\t\t\t\t<h2 class=\"elementor-heading-title elementor-size-default\">Sobre a Pol\u00edtica de Privacidade<\/h2>\t\t\t\t<\/div>\n\t\t\t\t<\/div>\n\t\t\t\t<div class=\"elementor-element elementor-element-fcbc5a2 elementor-invisible elementor-widget elementor-widget-text-editor\" data-id=\"fcbc5a2\" data-element_type=\"widget\" data-e-type=\"widget\" data-settings=\"{&quot;_animation&quot;:&quot;fadeInUp&quot;}\" data-widget_type=\"text-editor.default\">\n\t\t\t\t<div class=\"elementor-widget-container\">\n\t\t\t\t\t\t\t\t\t<p><span style=\"font-weight: 400;\">A presente Pol\u00edtica de Privacidade visa regular a utiliza\u00e7\u00e3o por voc\u00ea, usu\u00e1rio, de nossos servi\u00e7os pelo site.<\/span><\/p><p><span style=\"font-weight: 400;\">Atualizamos nossa pol\u00edtica de privacidade de acordo com a nova Lei Geral de Prote\u00e7\u00e3o de Dados (LGPD). Coletamos seus dados para oferecer uma experi\u00eancia personalizada de forma segura.<\/span><\/p>\t\t\t\t\t\t\t\t<\/div>\n\t\t\t\t<\/div>\n\t\t\t\t<div class=\"elementor-element elementor-element-428e653 elementor-invisible elementor-widget elementor-widget-heading\" data-id=\"428e653\" data-element_type=\"widget\" data-e-type=\"widget\" data-settings=\"{&quot;_animation&quot;:&quot;fadeInUp&quot;}\" data-widget_type=\"heading.default\">\n\t\t\t\t<div class=\"elementor-widget-container\">\n\t\t\t\t\t<h2 class=\"elementor-heading-title elementor-size-default\">O que \u00e9 a LGPD?<\/h2>\t\t\t\t<\/div>\n\t\t\t\t<\/div>\n\t\t\t\t<div class=\"elementor-element elementor-element-ef0fda2 elementor-invisible elementor-widget elementor-widget-text-editor\" data-id=\"ef0fda2\" data-element_type=\"widget\" data-e-type=\"widget\" data-settings=\"{&quot;_animation&quot;:&quot;fadeInUp&quot;}\" data-widget_type=\"text-editor.default\">\n\t\t\t\t<div class=\"elementor-widget-container\">\n\t\t\t\t\t\t\t\t\t<p><span style=\"font-weight: 400;\">A Lei Geral de Prote\u00e7\u00e3o de Dados foi sancionada em 2018, garantindo mais seguran\u00e7a e transpar\u00eancia na coleta, armazenamento e compartilhamento de dados pessoais.<\/span><\/p><p><span style=\"font-weight: 400;\">\u00c9 uma lei que estabelece regras ao uso de dados pessoais de pessoas f\u00edsicas por entidades p\u00fablicas e privadas, que garante direitos aos titulares dos dados e estabelece uma regra m\u00ednima para coleta, armazenamento, tratamento e compartilhamento de dados pessoais de pessoas f\u00edsicas.<\/span><\/p><p><span style=\"font-weight: 400;\">As regras estabelecidas pela LGPD devem ser observadas por todos os setores do mercado: bancos, hospitais, com\u00e9rcios, empresas de e-commerce e tamb\u00e9m o setor p\u00fablico.<\/span><\/p>\t\t\t\t\t\t\t\t<\/div>\n\t\t\t\t<\/div>\n\t\t\t\t<div class=\"elementor-element elementor-element-64bc9e5 elementor-invisible elementor-widget elementor-widget-heading\" data-id=\"64bc9e5\" data-element_type=\"widget\" data-e-type=\"widget\" data-settings=\"{&quot;_animation&quot;:&quot;fadeInUp&quot;}\" data-widget_type=\"heading.default\">\n\t\t\t\t<div class=\"elementor-widget-container\">\n\t\t\t\t\t<h2 class=\"elementor-heading-title elementor-size-default\">O que s\u00e3o dados pessoais?<\/h2>\t\t\t\t<\/div>\n\t\t\t\t<\/div>\n\t\t\t\t<div class=\"elementor-element elementor-element-8bb7642 elementor-invisible elementor-widget elementor-widget-text-editor\" data-id=\"8bb7642\" data-element_type=\"widget\" data-e-type=\"widget\" data-settings=\"{&quot;_animation&quot;:&quot;fadeInUp&quot;}\" data-widget_type=\"text-editor.default\">\n\t\t\t\t<div class=\"elementor-widget-container\">\n\t\t\t\t\t\t\t\t\t<p><span style=\"font-weight: 400;\">S\u00e3o informa\u00e7\u00f5es relativas a uma pessoa viva, identificada ou identific\u00e1vel. Tamb\u00e9m constituem dados pessoais o conjunto de informa\u00e7\u00f5es distintas que podem levar \u00e0 identifica\u00e7\u00e3o de uma determinada pessoa.<\/span><\/p>\t\t\t\t\t\t\t\t<\/div>\n\t\t\t\t<\/div>\n\t\t\t\t<div class=\"elementor-element elementor-element-ec155f9 elementor-invisible elementor-widget elementor-widget-heading\" data-id=\"ec155f9\" data-element_type=\"widget\" data-e-type=\"widget\" data-settings=\"{&quot;_animation&quot;:&quot;fadeInUp&quot;}\" data-widget_type=\"heading.default\">\n\t\t\t\t<div class=\"elementor-widget-container\">\n\t\t\t\t\t<h2 class=\"elementor-heading-title elementor-size-default\">Quais dados coletamos, como o fazemos e como utilizamos?<\/h2>\t\t\t\t<\/div>\n\t\t\t\t<\/div>\n\t\t\t\t<div class=\"elementor-element elementor-element-64905c7 elementor-invisible elementor-widget elementor-widget-text-editor\" data-id=\"64905c7\" data-element_type=\"widget\" data-e-type=\"widget\" data-settings=\"{&quot;_animation&quot;:&quot;fadeInUp&quot;}\" data-widget_type=\"text-editor.default\">\n\t\t\t\t<div class=\"elementor-widget-container\">\n\t\t\t\t\t\t\t\t\t<p><span style=\"font-weight: 400;\">Nossa coleta de dados \u00e9 realizada das seguintes maneiras, sendo os dados coletados diferentes em cada uma, e com diferentes objetivos:<\/span><\/p><p><b>Cookies: <\/b><span style=\"font-weight: 400;\">Dados podem ser coletados atrav\u00e9s de cookies, com o consentimento do usu\u00e1rio. Para mais informa\u00e7\u00f5es consulte nossa Pol\u00edtica de Cookies abaixo.<\/span><\/p><p><b>WhatsApp e Formul\u00e1rios:<\/b><span style=\"font-weight: 400;\"> Quando um usu\u00e1rio entra em contato atrav\u00e9s de mensagens, como e-mail pelo formul\u00e1rio de contato e WhatsApp, coletamos dados com o objetivo de identificar o usu\u00e1rio, bem como para atender sua solicita\u00e7\u00e3o. Esses podem incluir, dentre outros, o Nome, e-mail, telefone, empresa, endere\u00e7o e mensagem. Al\u00e9m destes, coletamos qualquer dado pessoal que seja informado espontaneamente pelo usu\u00e1rio.<\/span><\/p>\t\t\t\t\t\t\t\t<\/div>\n\t\t\t\t<\/div>\n\t\t\t\t<div class=\"elementor-element elementor-element-d14e6cc elementor-invisible elementor-widget elementor-widget-heading\" data-id=\"d14e6cc\" data-element_type=\"widget\" data-e-type=\"widget\" data-settings=\"{&quot;_animation&quot;:&quot;fadeInUp&quot;}\" data-widget_type=\"heading.default\">\n\t\t\t\t<div class=\"elementor-widget-container\">\n\t\t\t\t\t<h2 class=\"elementor-heading-title elementor-size-default\">Como protegemos os seus dados?<\/h2>\t\t\t\t<\/div>\n\t\t\t\t<\/div>\n\t\t\t\t<div class=\"elementor-element elementor-element-af77b45 elementor-invisible elementor-widget elementor-widget-text-editor\" data-id=\"af77b45\" data-element_type=\"widget\" data-e-type=\"widget\" data-settings=\"{&quot;_animation&quot;:&quot;fadeInUp&quot;}\" data-widget_type=\"text-editor.default\">\n\t\t\t\t<div class=\"elementor-widget-container\">\n\t\t\t\t\t\t\t\t\t<p><span style=\"font-weight: 400;\">Para assegurar-se que as suas informa\u00e7\u00f5es pessoais est\u00e3o seguras, n\u00f3s comunicamos as nossas diretrizes de privacidade e seguran\u00e7a aos funcion\u00e1rios e seguimos estritamente as medidas de precau\u00e7\u00e3o com rela\u00e7\u00e3o a privacidade dentro da empresa.<\/span><\/p><p><span style=\"font-weight: 400;\">N\u00f3s nos empenhamos em proteger as suas Informa\u00e7\u00f5es pessoais, e aquelas confiadas a n\u00f3s, atrav\u00e9s de:<\/span><\/p><ul><li style=\"font-weight: 400;\" aria-level=\"1\"><span style=\"font-weight: 400;\">Medidas f\u00edsicas, t\u00e9cnicas, e organizacionais para reduzir os riscos de perda;<\/span><\/li><li style=\"font-weight: 400;\" aria-level=\"1\"><span style=\"font-weight: 400;\">M\u00e1 utiliza\u00e7\u00e3o;<\/span><\/li><li style=\"font-weight: 400;\" aria-level=\"1\"><span style=\"font-weight: 400;\">Acesso n\u00e3o autorizado;<\/span><\/li><li style=\"font-weight: 400;\" aria-level=\"1\"><span style=\"font-weight: 400;\">Divulga\u00e7\u00e3o e altera\u00e7\u00e3o indevida destes dados.<\/span><\/li><\/ul>\t\t\t\t\t\t\t\t<\/div>\n\t\t\t\t<\/div>\n\t\t\t\t<div class=\"elementor-element elementor-element-8e9baab elementor-invisible elementor-widget elementor-widget-heading\" data-id=\"8e9baab\" data-element_type=\"widget\" data-e-type=\"widget\" data-settings=\"{&quot;_animation&quot;:&quot;fadeInUp&quot;}\" data-widget_type=\"heading.default\">\n\t\t\t\t<div class=\"elementor-widget-container\">\n\t\t\t\t\t<h2 class=\"elementor-heading-title elementor-size-default\">Com quem compartilhamos seus dados?<\/h2>\t\t\t\t<\/div>\n\t\t\t\t<\/div>\n\t\t\t\t<div class=\"elementor-element elementor-element-6d68337 elementor-invisible elementor-widget elementor-widget-text-editor\" data-id=\"6d68337\" data-element_type=\"widget\" data-e-type=\"widget\" data-settings=\"{&quot;_animation&quot;:&quot;fadeInUp&quot;}\" data-widget_type=\"text-editor.default\">\n\t\t\t\t<div class=\"elementor-widget-container\">\n\t\t\t\t\t\t\t\t\t<p><span style=\"font-weight: 400;\">N\u00e3o temos como pr\u00e1tica a divulga\u00e7\u00e3o de informa\u00e7\u00f5es que possam identificar o usu\u00e1rio e jamais compartilhar esses dados pessoais a terceiros. Estes dados s\u00e3o de uso exclusivo interno da empresa para atingir as finalidades expressas no item anterior.<\/span><\/p><p><span style=\"font-weight: 400;\">Os dados poder\u00e3o ser compartilhados com terceiros apenas nas seguintes situa\u00e7\u00f5es:<\/span><\/p><ul><li style=\"font-weight: 400;\" aria-level=\"1\"><span style=\"font-weight: 400;\">Dados transferidos para fins de neg\u00f3cio com provedores de servi\u00e7os terceirizados que prestem servi\u00e7os para n\u00f3s, tais como envio de e-mails, propaganda e marketing, seguran\u00e7a e monitoramento de desempenho e processamento de dados;<\/span><\/li><li style=\"font-weight: 400;\" aria-level=\"1\"><span style=\"font-weight: 400;\">Mediante decis\u00e3o judicial ou solicita\u00e7\u00e3o pelos \u00f3rg\u00e3os de fiscaliza\u00e7\u00e3o governamentais;<\/span><\/li><li style=\"font-weight: 400;\" aria-level=\"1\"><span style=\"font-weight: 400;\">Dados transferidos para \u00f3rg\u00e3os p\u00fablicos para atender a legisla\u00e7\u00e3o vigente;<\/span><\/li><\/ul>\t\t\t\t\t\t\t\t<\/div>\n\t\t\t\t<\/div>\n\t\t\t\t<div class=\"elementor-element elementor-element-09d4794 elementor-invisible elementor-widget elementor-widget-heading\" data-id=\"09d4794\" data-element_type=\"widget\" data-e-type=\"widget\" data-settings=\"{&quot;_animation&quot;:&quot;fadeInUp&quot;}\" data-widget_type=\"heading.default\">\n\t\t\t\t<div class=\"elementor-widget-container\">\n\t\t\t\t\t<h2 class=\"elementor-heading-title elementor-size-default\">Seguran\u00e7a da Informa\u00e7\u00e3o<\/h2>\t\t\t\t<\/div>\n\t\t\t\t<\/div>\n\t\t\t\t<div class=\"elementor-element elementor-element-e35f6f1 elementor-invisible elementor-widget elementor-widget-text-editor\" data-id=\"e35f6f1\" data-element_type=\"widget\" data-e-type=\"widget\" data-settings=\"{&quot;_animation&quot;:&quot;fadeInUp&quot;}\" data-widget_type=\"text-editor.default\">\n\t\t\t\t<div class=\"elementor-widget-container\">\n\t\t\t\t\t\t\t\t\t<p><span style=\"font-weight: 400;\">Para assegurar-se de que as suas informa\u00e7\u00f5es pessoais est\u00e3o seguras, n\u00f3s comunicamos as nossas diretrizes de privacidade e seguran\u00e7a aos nossos funcion\u00e1rios e seguimos estritamente as medidas de precau\u00e7\u00e3o com rela\u00e7\u00e3o \u00e0 privacidade dentro da empresa.<\/span><\/p><p><span style=\"font-weight: 400;\">N\u00f3s nos empenhamos em proteger as suas Informa\u00e7\u00f5es pessoais, e aquelas confiadas a n\u00f3s, atrav\u00e9s de medidas f\u00edsicas, t\u00e9cnicas e organizacionais para reduzir os riscos de perda, mau uso, acesso n\u00e3o autorizado, divulga\u00e7\u00e3o e altera\u00e7\u00e3o indevida destes dados.<\/span><\/p>\t\t\t\t\t\t\t\t<\/div>\n\t\t\t\t<\/div>\n\t\t\t\t<div class=\"elementor-element elementor-element-22e46ad elementor-invisible elementor-widget elementor-widget-heading\" data-id=\"22e46ad\" data-element_type=\"widget\" data-e-type=\"widget\" data-settings=\"{&quot;_animation&quot;:&quot;fadeInUp&quot;}\" data-widget_type=\"heading.default\">\n\t\t\t\t<div class=\"elementor-widget-container\">\n\t\t\t\t\t<h2 class=\"elementor-heading-title elementor-size-default\">Quais s\u00e3o seus direitos? (Direitos dos Titulares)<\/h2>\t\t\t\t<\/div>\n\t\t\t\t<\/div>\n\t\t\t\t<div class=\"elementor-element elementor-element-2406823 elementor-invisible elementor-widget elementor-widget-text-editor\" data-id=\"2406823\" data-element_type=\"widget\" data-e-type=\"widget\" data-settings=\"{&quot;_animation&quot;:&quot;fadeInUp&quot;}\" data-widget_type=\"text-editor.default\">\n\t\t\t\t<div class=\"elementor-widget-container\">\n\t\t\t\t\t\t\t\t\t<p><span style=\"font-weight: 400;\">Os titulares de dados pessoais t\u00eam alguns direitos no que se refere aos seus dados pessoais e podem exerc\u00ea-los entrando em contato conosco.<\/span><\/p><p><b>S\u00e3o direitos dos titulares:<\/b><\/p><ul><li style=\"font-weight: 400;\" aria-level=\"1\"><span style=\"font-weight: 400;\">Confirma\u00e7\u00e3o da exist\u00eancia de tratamento de dados pessoais;<\/span><\/li><li style=\"font-weight: 400;\" aria-level=\"1\"><span style=\"font-weight: 400;\">Acesso aos dados pessoais, nos termos da legisla\u00e7\u00e3o aplic\u00e1vel;<\/span><\/li><li style=\"font-weight: 400;\" aria-level=\"1\"><span style=\"font-weight: 400;\">Portabilidade dos dados;<\/span><\/li><li style=\"font-weight: 400;\" aria-level=\"1\"><span style=\"font-weight: 400;\">Exclus\u00e3o de dados, quando este forem tratados com base no consentimento do Titular ou quando os dados forem desnecess\u00e1rios, excessivos ou tratados em desconformidade com a legisla\u00e7\u00e3o aplic\u00e1vel;<\/span><\/li><li style=\"font-weight: 400;\" aria-level=\"1\"><span style=\"font-weight: 400;\">Solicita\u00e7\u00e3o de informa\u00e7\u00f5es sobre uso compartilhado de dados;<\/span><\/li><li style=\"font-weight: 400;\" aria-level=\"1\"><span style=\"font-weight: 400;\">Revoga\u00e7\u00e3o do consentimento, quando aplic\u00e1vel.<\/span><\/li><li style=\"font-weight: 400;\" aria-level=\"1\"><span style=\"font-weight: 400;\">Por motivos de seguran\u00e7a, somente poderemos atender \u00e0 solicita\u00e7\u00e3o se tivermos certeza da identidade do usu\u00e1rio. Sendo assim, poderemos solicitar dados ou informa\u00e7\u00f5es adicionais para a confirma\u00e7\u00e3o da identidade e da autenticidade do Titular. Estes dados e informa\u00e7\u00f5es ser\u00e3o protegidos durante o per\u00edodo de armazenamento, e eliminados quando n\u00e3o mais forem \u00fateis.<\/span><\/li><\/ul>\t\t\t\t\t\t\t\t<\/div>\n\t\t\t\t<\/div>\n\t\t\t\t<div class=\"elementor-element elementor-element-9ab8eef elementor-invisible elementor-widget elementor-widget-heading\" data-id=\"9ab8eef\" data-element_type=\"widget\" data-e-type=\"widget\" data-settings=\"{&quot;_animation&quot;:&quot;fadeInUp&quot;}\" data-widget_type=\"heading.default\">\n\t\t\t\t<div class=\"elementor-widget-container\">\n\t\t\t\t\t<h2 class=\"elementor-heading-title elementor-size-default\">T\u00e9rmino de Tratamento<\/h2>\t\t\t\t<\/div>\n\t\t\t\t<\/div>\n\t\t\t\t<div class=\"elementor-element elementor-element-ddf3b8d elementor-invisible elementor-widget elementor-widget-text-editor\" data-id=\"ddf3b8d\" data-element_type=\"widget\" data-e-type=\"widget\" data-settings=\"{&quot;_animation&quot;:&quot;fadeInUp&quot;}\" data-widget_type=\"text-editor.default\">\n\t\t\t\t<div class=\"elementor-widget-container\">\n\t\t\t\t\t\t\t\t\t<p><span style=\"font-weight: 400;\">Esta Pol\u00edtica de Privacidade se aplica \u00e0s circunst\u00e2ncias acima mencionadas durante todo o per\u00edodo em que armazenamos os dados pessoais. N\u00f3s armazenamos e mantemos suas informa\u00e7\u00f5es: <\/span><span style=\"font-weight: 400;\"><br \/><\/span><span style=\"font-weight: 400;\">(a) pelo tempo exigido por lei; <\/span><span style=\"font-weight: 400;\"><br \/><\/span><span style=\"font-weight: 400;\">(b) at\u00e9 o t\u00e9rmino do tratamento de dados pessoais, conforme mencionado abaixo;<\/span><span style=\"font-weight: 400;\"><br \/><\/span><span style=\"font-weight: 400;\">(c) pelo tempo necess\u00e1rio a preservar o leg\u00edtimo interesse.<\/span><\/p><p><span style=\"font-weight: 400;\">Assim, trataremos seus dados, por exemplo, durante os prazos prescricionais aplic\u00e1veis ou enquanto necess\u00e1rio para cumprimento de obriga\u00e7\u00e3o legal ou regulat\u00f3ria.<\/span><\/p><p><span style=\"font-weight: 400;\">O t\u00e9rmino do tratamento de dados pessoais ocorrer\u00e1 nos seguintes casos: <\/span><span style=\"font-weight: 400;\"><br \/><\/span><span style=\"font-weight: 400;\">(a) quando a finalidade para qual o dado pessoal foi coletado for alcan\u00e7ada, e\/ou os dados pessoais coletados deixarem de ser necess\u00e1rios ou pertinentes ao alcance de tal finalidade;<\/span><span style=\"font-weight: 400;\"><br \/><\/span><span style=\"font-weight: 400;\">(b) quando o Titular solicitar a exclus\u00e3o de seus dados;<\/span><span style=\"font-weight: 400;\"><br \/><\/span><span style=\"font-weight: 400;\">(c) quando houver uma determina\u00e7\u00e3o legal neste sentido.<\/span><\/p><p><span style=\"font-weight: 400;\">Nos casos de t\u00e9rmino de tratamento de dados pessoais, ressalvadas as hip\u00f3teses estabelecidas pela legisla\u00e7\u00e3o aplic\u00e1vel ou pela presente Pol\u00edtica de Privacidade, os dados pessoais ser\u00e3o eliminados.<\/span><\/p>\t\t\t\t\t\t\t\t<\/div>\n\t\t\t\t<\/div>\n\t\t\t\t<div class=\"elementor-element elementor-element-c9de35c elementor-invisible elementor-widget elementor-widget-heading\" data-id=\"c9de35c\" data-element_type=\"widget\" data-e-type=\"widget\" data-settings=\"{&quot;_animation&quot;:&quot;fadeInUp&quot;}\" data-widget_type=\"heading.default\">\n\t\t\t\t<div class=\"elementor-widget-container\">\n\t\t\t\t\t<h2 class=\"elementor-heading-title elementor-size-default\">Em caso de d\u00favidas, com quem voc\u00ea pode falar?<\/h2>\t\t\t\t<\/div>\n\t\t\t\t<\/div>\n\t\t\t\t<div class=\"elementor-element elementor-element-ee6f86e elementor-invisible elementor-widget elementor-widget-text-editor\" data-id=\"ee6f86e\" data-element_type=\"widget\" data-e-type=\"widget\" data-settings=\"{&quot;_animation&quot;:&quot;fadeInUp&quot;}\" data-widget_type=\"text-editor.default\">\n\t\t\t\t<div class=\"elementor-widget-container\">\n\t\t\t\t\t\t\t\t\t<p><span style=\"font-weight: 400;\">Disponibilizamos abaixo os dados de contato do Encarregado de Dados Pessoais (DPO), sendo este o respons\u00e1vel por atender toda e qualquer solicita\u00e7\u00e3o por parte dos usu\u00e1rios, ou da Autoridade Nacional, que estejam relacionados com dados pessoais.<\/span><\/p><p><span style=\"font-weight: 400;\">Para qualquer d\u00favida, solicita\u00e7\u00e3o ou reclama\u00e7\u00e3o referente ao tratamento de dados pessoais, favor entrar em contato e solicitar o e-mail do nosso Encarregado de Dados Pessoais.<\/span><\/p><p><span style=\"font-weight: 400;\">Se, apesar do nosso compromisso e esfor\u00e7os para proteger seus dados, voc\u00ea achar que seus direitos de prote\u00e7\u00e3o de dados n\u00e3o foram atendidos, solicitamos que entre em contato com o nosso DPO. Al\u00e9m disso, voc\u00ea tem o direito, a qualquer momento, de registrar uma queixa diretamente com a Autoridade Nacional de Prote\u00e7\u00e3o de Dados.<\/span><\/p>\t\t\t\t\t\t\t\t<\/div>\n\t\t\t\t<\/div>\n\t\t\t\t<div class=\"elementor-element elementor-element-d3d600b elementor-invisible elementor-widget elementor-widget-heading\" data-id=\"d3d600b\" data-element_type=\"widget\" data-e-type=\"widget\" data-settings=\"{&quot;_animation&quot;:&quot;fadeInUp&quot;}\" data-widget_type=\"heading.default\">\n\t\t\t\t<div class=\"elementor-widget-container\">\n\t\t\t\t\t<h2 class=\"elementor-heading-title elementor-size-default\">Mudan\u00e7as na Pol\u00edtica de Privacidade<\/h2>\t\t\t\t<\/div>\n\t\t\t\t<\/div>\n\t\t\t\t<div class=\"elementor-element elementor-element-23d5ecf elementor-invisible elementor-widget elementor-widget-text-editor\" data-id=\"23d5ecf\" data-element_type=\"widget\" data-e-type=\"widget\" data-settings=\"{&quot;_animation&quot;:&quot;fadeInUp&quot;}\" data-widget_type=\"text-editor.default\">\n\t\t\t\t<div class=\"elementor-widget-container\">\n\t\t\t\t\t\t\t\t\t<p><span style=\"font-weight: 400;\">Nos reservamos o direito de atualizar ou modificar esta Pol\u00edtica, em qualquer \u00e9poca e sem aviso pr\u00e9vio. No entanto, publicaremos sempre a nova vers\u00e3o revisada em nosso web site. Caso existam altera\u00e7\u00f5es na forma em que tratamos dados pessoais, voc\u00ea ser\u00e1 informado para que possa verificar se pretende continuar utilizando nossos servi\u00e7os.<\/span><\/p>\t\t\t\t\t\t\t\t<\/div>\n\t\t\t\t<\/div>\n\t\t\t\t<div class=\"elementor-element elementor-element-7aa89ad elementor-invisible elementor-widget elementor-widget-heading\" data-id=\"7aa89ad\" data-element_type=\"widget\" data-e-type=\"widget\" data-settings=\"{&quot;_animation&quot;:&quot;fadeInUp&quot;}\" data-widget_type=\"heading.default\">\n\t\t\t\t<div class=\"elementor-widget-container\">\n\t\t\t\t\t<h2 class=\"elementor-heading-title elementor-size-default\">Pol\u00edtica de Cookies<\/h2>\t\t\t\t<\/div>\n\t\t\t\t<\/div>\n\t\t\t\t<div class=\"elementor-element elementor-element-d6029da elementor-invisible elementor-widget elementor-widget-text-editor\" data-id=\"d6029da\" data-element_type=\"widget\" data-e-type=\"widget\" data-settings=\"{&quot;_animation&quot;:&quot;fadeInUp&quot;}\" data-widget_type=\"text-editor.default\">\n\t\t\t\t<div class=\"elementor-widget-container\">\n\t\t\t\t\t\t\t\t\t<p><b>O que s\u00e3o cookies?<\/b><\/p><p><span style=\"font-weight: 400;\">S\u00e3o arquivos criados pelos websites que armazenam h\u00e1bitos de navega\u00e7\u00e3o e outras informa\u00e7\u00f5es, ajudando a personalizar seu acesso e ter estat\u00edsticas de acesso.<\/span><\/p><p><span style=\"font-weight: 400;\">Exemplo: voc\u00ea acessa o site e visualiza um banner popup com um aviso importante e clica no bot\u00e3o \u201cN\u00e3o tenho interesse\u201d, ao fechar aquele banner o site armazena que voc\u00ea j\u00e1 visualizou e da pr\u00f3xima vez que entrar no site voc\u00ea n\u00e3o \u00e9 mais incomodado com aquele aviso.<\/span><\/p><p>\u00a0<\/p><p><b>E n\u00e3o \u00e9 perigoso ter minhas informa\u00e7\u00f5es armazenadas?<\/b><\/p><p><span style=\"font-weight: 400;\">N\u00e3o \u00e9 perigoso. Todas as suas informa\u00e7\u00f5es coletadas em nosso site servem apenas para melhorar a sua experi\u00eancia e s\u00e3o protegidas por nosso sistema de seguran\u00e7a.<\/span><\/p><p>\u00a0<\/p><p><b>N\u00e3o gosto de cookies, como fa\u00e7o para desativ\u00e1-los?<\/b><\/p><p><span style=\"font-weight: 400;\">\u00c9 poss\u00edvel desativar os cookies por meio das prefer\u00eancias do seu navegador. Sem eles sua navega\u00e7\u00e3o pode se tornar limitada e algumas funcionalidades dos sites podem ficar comprometidas.<\/span><\/p><p><span style=\"font-weight: 400;\">Veja as defini\u00e7\u00f5es sobre cookies em cada um dos navegadores:<\/span><\/p><ul><li style=\"font-weight: 400;\" aria-level=\"1\"><a href=\"https:\/\/privacy.microsoft.com\/pt-BR\/windows-10-microsoft-edge-and-privacy\"><span style=\"font-weight: 400;\">Internet Explorer<\/span><\/a><span style=\"font-weight: 400;\">;<\/span><\/li><li style=\"font-weight: 400;\" aria-level=\"1\"><a href=\"https:\/\/support.mozilla.org\/pt-BR\/kb\/desative-cookies-no-firefox-parar-rastreamento\"><span style=\"font-weight: 400;\">Firefox<\/span><\/a><span style=\"font-weight: 400;\">;<\/span><\/li><li style=\"font-weight: 400;\" aria-level=\"1\"><a href=\"https:\/\/support.google.com\/accounts\/answer\/61416?hl=pt-BR\"><span style=\"font-weight: 400;\">Google Chrome<\/span><\/a><span style=\"font-weight: 400;\">;<\/span><\/li><li style=\"font-weight: 400;\" aria-level=\"1\"><a href=\"https:\/\/support.apple.com\/pt-br\/guide\/mdm\/mdmf7d5714d4\/1\/web\/1.0\"><span style=\"font-weight: 400;\">Safari<\/span><\/a><span style=\"font-weight: 400;\">;<\/span><\/li><li style=\"font-weight: 400;\" aria-level=\"1\"><a href=\"https:\/\/help.opera.com\/en\/latest\/security-and-privacy\/\"><span style=\"font-weight: 400;\">Opera<\/span><\/a><span style=\"font-weight: 400;\">.<\/span><\/li><\/ul>\t\t\t\t\t\t\t\t<\/div>\n\t\t\t\t<\/div>\n\t\t\t\t\t<\/div>\n\t\t<\/div>\n\t\t\t\t\t<\/div>\n\t\t<\/section>\n\t\t\t\t<\/div>\n\t\t","protected":false},"excerpt":{"rendered":"<p>Sobre a Pol\u00edtica de Privacidade A presente Pol\u00edtica de Privacidade visa regular a utiliza\u00e7\u00e3o por voc\u00ea, usu\u00e1rio, de nossos servi\u00e7os pelo site. Atualizamos nossa pol\u00edtica de privacidade de acordo com a nova Lei Geral de Prote\u00e7\u00e3o de Dados (LGPD). Coletamos seus dados para oferecer uma experi\u00eancia personalizada de forma segura. O que \u00e9 a LGPD? [&hellip;]<\/p>\n","protected":false},"author":1,"featured_media":0,"parent":0,"menu_order":0,"comment_status":"closed","ping_status":"closed","template":"elementor_header_footer","meta":{"footnotes":""},"class_list":["post-198","page","type-page","status-publish","hentry"],"_links":{"self":[{"href":"https:\/\/dev.midiasim.net.br\/saojosebasketball\/wp-json\/wp\/v2\/pages\/198","targetHints":{"allow":["GET"]}}],"collection":[{"href":"https:\/\/dev.midiasim.net.br\/saojosebasketball\/wp-json\/wp\/v2\/pages"}],"about":[{"href":"https:\/\/dev.midiasim.net.br\/saojosebasketball\/wp-json\/wp\/v2\/types\/page"}],"author":[{"embeddable":true,"href":"https:\/\/dev.midiasim.net.br\/saojosebasketball\/wp-json\/wp\/v2\/users\/1"}],"replies":[{"embeddable":true,"href":"https:\/\/dev.midiasim.net.br\/saojosebasketball\/wp-json\/wp\/v2\/comments?post=198"}],"version-history":[{"count":0,"href":"https:\/\/dev.midiasim.net.br\/saojosebasketball\/wp-json\/wp\/v2\/pages\/198\/revisions"}],"wp:attachment":[{"href":"https:\/\/dev.midiasim.net.br\/saojosebasketball\/wp-json\/wp\/v2\/media?parent=198"}],"curies":[{"name":"wp","href":"https:\/\/api.w.org\/{rel}","templated":true}]}}